{"id":27,"date":"2015-11-07T17:02:20","date_gmt":"2015-11-07T17:02:20","guid":{"rendered":"http:\/\/www.ecodigital.org.br\/novo\/?page_id=27"},"modified":"2016-12-22T10:45:48","modified_gmt":"2016-12-22T12:45:48","slug":"nosso-estatuto","status":"publish","type":"page","link":"https:\/\/www.ecodigital.org.br\/novo\/quem-somos\/nosso-estatuto\/","title":{"rendered":"Nosso Estatuto"},"content":{"rendered":"<p style=\"text-align: justify;\"><strong><img loading=\"lazy\" decoding=\"async\" class=\"size-full wp-image-207 alignright\" src=\"https:\/\/www.ecodigital.org.br\/novo\/wp-content\/uploads\/2015\/11\/jpg016.jpg\" alt=\"jpg016\" width=\"320\" height=\"220\" srcset=\"https:\/\/www.ecodigital.org.br\/novo\/wp-content\/uploads\/2015\/11\/jpg016.jpg 320w, https:\/\/www.ecodigital.org.br\/novo\/wp-content\/uploads\/2015\/11\/jpg016-300x206.jpg 300w\" sizes=\"auto, (max-width: 320px) 100vw, 320px\" \/>Estatuto Social da ONG sem fins lucrativos denominada &#8220;Ecodigital&#8221;<\/strong><\/p>\n<p style=\"text-align: justify;\"><strong>Cap\u00edtulo I &#8211; Da denomina\u00e7\u00e3o, sede e finalidades<\/strong><\/p>\n<p style=\"text-align: justify;\"><strong>Artigo 1\u00ba<\/strong> &#8211; A Institui\u00e7\u00e3o &#8220;ONG Ecodigital&#8221; \u00e9 uma associa\u00e7\u00e3o civil sem fins lucrativos, filantr\u00f3pica, de car\u00e1ter assistencial, social e cultural, com o objetivo de valorizar e promover a inclus\u00e3o digital para cidad\u00e3os e\/ou comunidades atrav\u00e9s da Reciclagem de Equipamentos de Inform\u00e1tica, isenta de quaisquer preconceitos ou discrimina\u00e7\u00f5es seja de ra\u00e7a, credo religioso, cor ou pol\u00edtica, quer em suas atividades e objetivos sociais, quer entre os componentes de seu quadro associativo.<\/p>\n<p style=\"text-align: justify;\"><strong>Artigo 2\u00ba<\/strong> &#8211; A Institui\u00e7\u00e3o tem Foro e Sede Na cidade de S\u00e3o Paulo &#8211; SP, sendo indeterminado o seu tempo de dura\u00e7\u00e3o, podendo o Conselho Diretor aprovar a cria\u00e7\u00e3o de filiais e escrit\u00f3rios no pa\u00eds e\/ou no exterior.<\/p>\n<p style=\"text-align: justify;\"><strong>Artigo 3\u00ba<\/strong> &#8211; A Institui\u00e7\u00e3o se destinar\u00e1 \u00e0s seguintes finalidades:<br \/>\na) Promover eventos, encontros e projetos que aproximem os v\u00e1rios setores da sociedade de S\u00e3o Paulo e do Pa\u00eds em torno de objetivos comuns;<\/p>\n<p style=\"text-align: justify;\">b) Mobilizar os diferentes setores da sociedade civil organizada para a cria\u00e7\u00e3o e o desenvolvimento de a\u00e7\u00f5es que visem a prote\u00e7\u00e3o do Meio Ambiente, Reciclagem de Equipamentos de Inform\u00e1tica e Inclus\u00e3o Digital;<\/p>\n<p style=\"text-align: justify;\">c) Apoiar projetos sociais que visem a melhoria da qualidade de vida em S\u00e3o Paulo e no Pa\u00eds;<\/p>\n<p style=\"text-align: justify;\">d) Promover e realizar publica\u00e7\u00f5es de trabalhos escritos e audiovisuais, semin\u00e1rios, cursos, debates, confer\u00eancias e congressos sobre a Inclus\u00e3o Digital em S\u00e3o Paulo e no Pa\u00eds visando maior conscientiza\u00e7\u00e3o e participa\u00e7\u00e3o de cada cidad\u00e3o;<\/p>\n<p style=\"text-align: justify;\">e) Promover e apoiar pesquisas que contribuam para a supera\u00e7\u00e3o dos problemas de Meio Ambiente na Cidade de S\u00e3o Paulo e no Pa\u00eds;<\/p>\n<p style=\"text-align: justify;\">f) Realizar trabalho junto \u00e0 opini\u00e3o p\u00fablica, objetivando despertar sentimentos de responsabilidade pelo bem comum e de generosidade para os menos favorecidos;<\/p>\n<p style=\"text-align: justify;\">g) Dedicar aten\u00e7\u00e3o especial aos problemas que podem causar danos ao Meio-ambiente em S\u00e3o Paulo e no Pa\u00eds, buscando junto aos \u00f3rg\u00e3os do governo e \u00e0 sociedade formas pac\u00edficas e legais de fortalecimento dos direitos da cidadania; Inclus\u00e3o Digital e Preserva\u00e7\u00e3o da Natureza;<\/p>\n<p style=\"text-align: justify;\">h) Buscar patroc\u00ednio para projetos com a comercializa\u00e7\u00e3o de publica\u00e7\u00f5es, camisetas e outros materiais destinados a divulga\u00e7\u00e3o e informa\u00e7\u00e3o sobre os trabalhos da Institui\u00e7\u00e3o, podendo ainda, participar de empresas comerciais, de presta\u00e7\u00e3o de servi\u00e7os, de venda de publicidade em sua Pagina na Internet e demais produtos comercializados pela Institui\u00e7\u00e3o, desde que o produto de tais comercializa\u00e7\u00f5es reverta integralmente para realiza\u00e7\u00e3o de novos trabalhos ou continua\u00e7\u00e3o dos j\u00e1 existentes;<\/p>\n<p style=\"text-align: justify;\">i) Promover cursos, sistemas de informa\u00e7\u00e3o, semin\u00e1rio e outros m\u00e9todos de capacita\u00e7\u00e3o para o trabalho de crian\u00e7as, jovens e adultos em situa\u00e7\u00e3o de risco social;<\/p>\n<p style=\"text-align: justify;\">j) Desenvolver empreendimentos geradores de emprego e renda para popula\u00e7\u00e3o menos favorecida;<\/p>\n<p style=\"text-align: justify;\">k) Atender a demanda de projetos sociais nas diversas \u00e1reas da Inform\u00e1tica bem como a Reciclagem de Equipamentos de Inform\u00e1tica, em rela\u00e7\u00e3o a melhor qualidade de vida para nossa popula\u00e7\u00e3o, principalmente, as pessoas em situa\u00e7\u00e3o de risco; e,<\/p>\n<p style=\"text-align: justify;\">l) Representar e defender os interesses de cada membro de nossa sociedade, no Estado e\/ou em qualquer parte do pa\u00eds, de forma coletiva e\/ou individual, em a\u00e7\u00f5es objetivas, em Ju\u00edzo ou fora dele, com rela\u00e7\u00e3o \u00e0 Inclus\u00e3o Digital, Reciclagem de Equipamentos de Inform\u00e1tica, inclusive, no direito do consumidor, visando sempre uma melhor qualidade de vida da popula\u00e7\u00e3o em um todo.<\/p>\n<p style=\"text-align: justify;\"><strong>Artigo 4\u00ba<\/strong> &#8211; Por delega\u00e7\u00e3o do Conselho Diretor, o Diretor Executivo da Institui\u00e7\u00e3o poder\u00e1 firmar conv\u00eanios e interc\u00e2mbios, promover iniciativas conjuntas com Organiza\u00e7\u00f5es e Institui\u00e7\u00f5es p\u00fablicas e\/ou privadas nacionais e estrangeiras.<\/p>\n<hr \/>\n<p style=\"text-align: justify;\"><strong>Para receber o nosso Estatuto completo clique no link abaixo e entre em contato conosco. Por apenas R$300,00 de contribui\u00e7\u00e3o voc\u00ea receber\u00e1 online o nosso Estatuto e ficar\u00e1 sabendo todos nossos valores e miss\u00f5es.<\/strong><br \/>\n<a href=\"https:\/\/www.ecodigital.org.br\/novo\/contato\/fale-conosco\/\"><img loading=\"lazy\" decoding=\"async\" class=\"alignnone size-full wp-image-351\" src=\"https:\/\/www.ecodigital.org.br\/novo\/wp-content\/uploads\/2015\/11\/clique.jpg\" alt=\"clique\" width=\"93\" height=\"24\" \/><\/a><\/p>\n<p style=\"text-align: justify;\">\n","protected":false},"excerpt":{"rendered":"<p>Estatuto Social da ONG sem fins lucrativos denominada &#8220;Ecodigital&#8221; Cap\u00edtulo I &#8211; Da denomina\u00e7\u00e3o, sede e finalidades Artigo 1\u00ba &#8211; A Institui\u00e7\u00e3o &#8220;ONG Ecodigital&#8221; \u00e9 uma associa\u00e7\u00e3o civil sem fins lucrativos, filantr\u00f3pica, de car\u00e1ter assistencial, social e cultural, com o objetivo de valorizar e promover a inclus\u00e3o digital para cidad\u00e3os e\/ou comunidades atrav\u00e9s da Reciclagem&#8230;<\/p>\n","protected":false},"author":1,"featured_media":0,"parent":5,"menu_order":0,"comment_status":"closed","ping_status":"closed","template":"","meta":{"footnotes":""},"class_list":["post-27","page","type-page","status-publish","hentry"],"_links":{"self":[{"href":"https:\/\/www.ecodigital.org.br\/novo\/wp-json\/wp\/v2\/pages\/27","targetHints":{"allow":["GET"]}}],"collection":[{"href":"https:\/\/www.ecodigital.org.br\/novo\/wp-json\/wp\/v2\/pages"}],"about":[{"href":"https:\/\/www.ecodigital.org.br\/novo\/wp-json\/wp\/v2\/types\/page"}],"author":[{"embeddable":true,"href":"https:\/\/www.ecodigital.org.br\/novo\/wp-json\/wp\/v2\/users\/1"}],"replies":[{"embeddable":true,"href":"https:\/\/www.ecodigital.org.br\/novo\/wp-json\/wp\/v2\/comments?post=27"}],"version-history":[{"count":5,"href":"https:\/\/www.ecodigital.org.br\/novo\/wp-json\/wp\/v2\/pages\/27\/revisions"}],"predecessor-version":[{"id":437,"href":"https:\/\/www.ecodigital.org.br\/novo\/wp-json\/wp\/v2\/pages\/27\/revisions\/437"}],"up":[{"embeddable":true,"href":"https:\/\/www.ecodigital.org.br\/novo\/wp-json\/wp\/v2\/pages\/5"}],"wp:attachment":[{"href":"https:\/\/www.ecodigital.org.br\/novo\/wp-json\/wp\/v2\/media?parent=27"}],"curies":[{"name":"wp","href":"https:\/\/api.w.org\/{rel}","templated":true}]}}